{"id":351,"date":"2022-11-28T05:01:55","date_gmt":"2022-11-28T05:01:55","guid":{"rendered":"https:\/\/www.usmbrasil.com.br\/site\/?page_id=351"},"modified":"2022-11-28T05:02:32","modified_gmt":"2022-11-28T05:02:32","slug":"balancim-de-corte","status":"publish","type":"page","link":"https:\/\/www.usmbrasil.com.br\/site\/balancim-de-corte\/","title":{"rendered":"Balancim de Corte"},"content":{"rendered":"<p><img loading=\"lazy\" class=\"size-full wp-image-352 alignleft\" src=\"https:\/\/www.usmbrasil.com.br\/site\/wp-content\/uploads\/2022\/11\/balancim.jpg\" alt=\"\" width=\"420\" height=\"600\" srcset=\"https:\/\/www.usmbrasil.com.br\/site\/wp-content\/uploads\/2022\/11\/balancim.jpg 420w, https:\/\/www.usmbrasil.com.br\/site\/wp-content\/uploads\/2022\/11\/balancim-210x300.jpg 210w\" sizes=\"(max-width: 420px) 100vw, 420px\" \/>Essa m\u00e1quina \u00e9 aplic\u00e1vel para cortar uma ou v\u00e1rias camadas de materiais, como couro, plastico, lona, nylon, placas de papel e materiais sint\u00e9ticos.<\/p>\n<p>Diferentemente das tradicionais prensas de corte, essa m\u00e1quina trabalha silenciosamente, com muita for\u00e7a e velocidade. \u00c9 de f\u00e1cil opera\u00e7\u00e3o, o que reduz custos de produ\u00e7\u00e3o e se torna uma ferramenta brilhante para aumentar a produ\u00e7\u00e3o e a efici\u00eancia.<\/p>\n<p><a href=\"https:\/\/www.usmbrasil.com.br\/site\/contato\/\">CONSULTE OS MODELOS DISPON\u00cdVEIS<\/a><\/p>\n<p>CF-405<br \/>\nCF-526<br \/>\nCF-756<br \/>\nCF-758<\/p>\n","protected":false},"excerpt":{"rendered":"<p>Essa m\u00e1quina \u00e9 aplic\u00e1vel para cortar uma ou v\u00e1rias camadas de materiais, como couro, plastico, lona, nylon, placas de papel e materiais sint\u00e9ticos. Diferentemente das tradicionais prensas de corte, essa m\u00e1quina trabalha silenciosamente, com muita for\u00e7a e velocidade. \u00c9 de <a class=\"more-link\" href=\"https:\/\/www.usmbrasil.com.br\/site\/balancim-de-corte\/\">Leia mais&#8230; &raquo;<\/a><\/p>\n","protected":false},"author":1,"featured_media":0,"parent":0,"menu_order":0,"comment_status":"closed","ping_status":"closed","template":"","meta":[],"_links":{"self":[{"href":"https:\/\/www.usmbrasil.com.br\/site\/wp-json\/wp\/v2\/pages\/351"}],"collection":[{"href":"https:\/\/www.usmbrasil.com.br\/site\/wp-json\/wp\/v2\/pages"}],"about":[{"href":"https:\/\/www.usmbrasil.com.br\/site\/wp-json\/wp\/v2\/types\/page"}],"author":[{"embeddable":true,"href":"https:\/\/www.usmbrasil.com.br\/site\/wp-json\/wp\/v2\/users\/1"}],"replies":[{"embeddable":true,"href":"https:\/\/www.usmbrasil.com.br\/site\/wp-json\/wp\/v2\/comments?post=351"}],"version-history":[{"count":2,"href":"https:\/\/www.usmbrasil.com.br\/site\/wp-json\/wp\/v2\/pages\/351\/revisions"}],"predecessor-version":[{"id":354,"href":"https:\/\/www.usmbrasil.com.br\/site\/wp-json\/wp\/v2\/pages\/351\/revisions\/354"}],"wp:attachment":[{"href":"https:\/\/www.usmbrasil.com.br\/site\/wp-json\/wp\/v2\/media?parent=351"}],"curies":[{"name":"wp","href":"https:\/\/api.w.org\/{rel}","templated":true}]}}